{"version":"1.0","provider_name":"Faik Tunay","provider_url":"https:\/\/faiktunay.com.tr\/en","author_name":"enfal","author_url":"https:\/\/faiktunay.com.tr\/en\/author\/enfal\/","title":"Faik Tunay \u0130Z TV\u2019nin canl\u0131 yay\u0131n konu\u011fu oldu. - Faik Tunay","type":"rich","width":600,"height":338,"html":"<blockquote class=\"wp-embedded-content\" data-secret=\"ntBoFgttg8\"><a href=\"https:\/\/faiktunay.com.tr\/en\/faik-tunay-iz-tvnin-canli-yayin-konugu-oldu\/\">Faik Tunay was the live broadcast guest of \u0130Z TV.<\/a><\/blockquote><iframe sandbox=\"allow-scripts\" security=\"restricted\" src=\"https:\/\/faiktunay.com.tr\/en\/faik-tunay-iz-tvnin-canli-yayin-konugu-oldu\/embed\/#?secret=ntBoFgttg8\" width=\"600\" height=\"338\" title=\"\u201cFaik Tunay was the live broadcast guest of \u0130Z TV.\u201d \u2014 Faik Tunay\" data-secret=\"ntBoFgttg8\" frameborder=\"0\" marginwidth=\"0\" marginheight=\"0\" scrolling=\"no\" class=\"wp-embedded-content\"><\/iframe><script type=\"text\/javascript\">\n\/* <![CDATA[ *\/\n\/*! This file is auto-generated *\/\n!function(d,l){\"use strict\";l.querySelector&&d.addEventListener&&\"undefined\"!=typeof URL&&(d.wp=d.wp||{},d.wp.receiveEmbedMessage||(d.wp.receiveEmbedMessage=function(e){var t=e.data;if((t||t.secret||t.message||t.value)&&!\/[^a-zA-Z0-9]\/.test(t.secret)){for(var s,r,n,a=l.querySelectorAll('iframe[data-secret=\"'+t.secret+'\"]'),o=l.querySelectorAll('blockquote[data-secret=\"'+t.secret+'\"]'),c=new RegExp(\"^https?:$\",\"i\"),i=0;i<o.length;i++)o[i].style.display=\"none\";for(i=0;i<a.length;i++)s=a[i],e.source===s.contentWindow&&(s.removeAttribute(\"style\"),\"height\"===t.message?(1e3<(r=parseInt(t.value,10))?r=1e3:~~r<200&&(r=200),s.height=r):\"link\"===t.message&&(r=new URL(s.getAttribute(\"src\")),n=new URL(t.value),c.test(n.protocol))&&n.host===r.host&&l.activeElement===s&&(d.top.location.href=t.value))}},d.addEventListener(\"message\",d.wp.receiveEmbedMessage,!1),l.addEventListener(\"DOMContentLoaded\",function(){for(var e,t,s=l.querySelectorAll(\"iframe.wp-embedded-content\"),r=0;r<s.length;r++)(t=(e=s[r]).getAttribute(\"data-secret\"))||(t=Math.random().toString(36).substring(2,12),e.src+=\"#?secret=\"+t,e.setAttribute(\"data-secret\",t)),e.contentWindow.postMessage({message:\"ready\",secret:t},\"*\")},!1)))}(window,document);\n\/\/# sourceURL=https:\/\/faiktunay.com.tr\/wp-includes\/js\/wp-embed.min.js\n\/* ]]> *\/\n<\/script>","thumbnail_url":"https:\/\/faiktunay.com.tr\/wp-content\/uploads\/2023\/03\/faiktunay_iz_tv.jpg","thumbnail_width":1080,"thumbnail_height":720,"description":"\u0130zmir ziyaretleri kapsam\u0131nda \u0130Z TV\u2019yi ziyaret eden Tunay,\u00d6zg\u00fcr \u00c7o\u015fkun ile Politik\u2019iz\u00a0program\u0131na canl\u0131 yay\u0131n konu\u011fu oldu. Bir saat s\u00fcren yay\u0131nda \u0130zmir\u2019in ve T\u00fcrkiye\u2019nin sorunlar\u0131 konu\u015fulduktan sonra Tunay Demokrat Parti olarak \u00e7\u00f6z\u00fcm \u00f6nerilerini payla\u015ft\u0131. \u0130zmir\u2019in merkez sa\u011f i\u00e7in \u00f6nemini vurgulayan Tunay,hedeflerinin merkez sa\u011f\u0131 tekrar eski g\u00fc\u00e7l\u00fc g\u00fcnlerine d\u00f6nd\u00fcrmek oldu\u011funu s\u00f6yledi."}