{"version":"1.0","provider_name":"Faik Tunay","provider_url":"https:\/\/faiktunay.com.tr\/en","author_name":"Faik Tunay","author_url":"https:\/\/faiktunay.com.tr\/en\/author\/clicodigital\/","title":"Faik Tunay\u2019dan Atat\u00fcrk \u00c7\u0131k\u0131\u015f\u0131 - Faik Tunay","type":"rich","width":600,"height":338,"html":"<blockquote class=\"wp-embedded-content\" data-secret=\"1PiK5KqoIr\"><a href=\"https:\/\/faiktunay.com.tr\/en\/faik-tunaydan-ataturk-cikisi\/\">Faik Tunay&#039;s Comment on Atat\u00fcrk<\/a><\/blockquote><iframe sandbox=\"allow-scripts\" security=\"restricted\" src=\"https:\/\/faiktunay.com.tr\/en\/faik-tunaydan-ataturk-cikisi\/embed\/#?secret=1PiK5KqoIr\" width=\"600\" height=\"338\" title=\"&#8220;Faik Tunay\u2019dan Atat\u00fcrk \u00c7\u0131k\u0131\u015f\u0131&#8221; &#8212; Faik Tunay\" data-secret=\"1PiK5KqoIr\" frameborder=\"0\" marginwidth=\"0\" marginheight=\"0\" scrolling=\"no\" class=\"wp-embedded-content\"><\/iframe><script type=\"text\/javascript\">\n\/* <![CDATA[ *\/\n\/*! This file is auto-generated *\/\n!function(d,l){\"use strict\";l.querySelector&&d.addEventListener&&\"undefined\"!=typeof URL&&(d.wp=d.wp||{},d.wp.receiveEmbedMessage||(d.wp.receiveEmbedMessage=function(e){var t=e.data;if((t||t.secret||t.message||t.value)&&!\/[^a-zA-Z0-9]\/.test(t.secret)){for(var s,r,n,a=l.querySelectorAll('iframe[data-secret=\"'+t.secret+'\"]'),o=l.querySelectorAll('blockquote[data-secret=\"'+t.secret+'\"]'),c=new RegExp(\"^https?:$\",\"i\"),i=0;i<o.length;i++)o[i].style.display=\"none\";for(i=0;i<a.length;i++)s=a[i],e.source===s.contentWindow&&(s.removeAttribute(\"style\"),\"height\"===t.message?(1e3<(r=parseInt(t.value,10))?r=1e3:~~r<200&&(r=200),s.height=r):\"link\"===t.message&&(r=new URL(s.getAttribute(\"src\")),n=new URL(t.value),c.test(n.protocol))&&n.host===r.host&&l.activeElement===s&&(d.top.location.href=t.value))}},d.addEventListener(\"message\",d.wp.receiveEmbedMessage,!1),l.addEventListener(\"DOMContentLoaded\",function(){for(var e,t,s=l.querySelectorAll(\"iframe.wp-embedded-content\"),r=0;r<s.length;r++)(t=(e=s[r]).getAttribute(\"data-secret\"))||(t=Math.random().toString(36).substring(2,12),e.src+=\"#?secret=\"+t,e.setAttribute(\"data-secret\",t)),e.contentWindow.postMessage({message:\"ready\",secret:t},\"*\")},!1)))}(window,document);\n\/\/# sourceURL=https:\/\/faiktunay.com.tr\/wp-includes\/js\/wp-embed.min.js\n\/* ]]> *\/\n<\/script>","description":"KRT TV canl\u0131 yay\u0131n\u0131na konuk olan Tunay , di\u011fer kat\u0131l\u0131mc\u0131 yazar Mehmet Sabri Akg\u00f6n\u00fcl\u2019\u00fcn Atat\u00fcrk\u2019e laf atmas\u0131 sonucu sinirlendi.BirToplumun kurucu lideri ile u\u011fra\u015fmas\u0131 son derece yanl\u0131\u015fl\u0131k ve D\u00fcnya\u2019da hi\u00e7bir toplum yoktur ki kurucu lideri ile bu kadar u\u011fra\u015fs\u0131n diyen Tunay, \u00e7\u00f6z\u00fcm s\u00fcrecini ve Devlet Bah\u00e7eli\u2019nin herkesi \u015fa\u015f\u0131rtan \u00e7\u0131k\u0131\u015f\u0131 \u00fczerinden Atat\u00fcrk ile benzerlik kurman\u0131n son derece [&hellip;]"}