{"version":"1.0","provider_name":"Faik Tunay","provider_url":"https:\/\/faiktunay.com.tr\/en","author_name":"enfal","author_url":"https:\/\/faiktunay.com.tr\/en\/author\/enfal\/","title":"Her Daim Avu\u00e7lar\u0131m\u0131z\u0131n \u0130\u00e7inde Tutulmas\u0131 Gereken \u015eahin: KIBRIS - Faik Tunay","type":"rich","width":600,"height":338,"html":"<blockquote class=\"wp-embedded-content\" data-secret=\"hSpCcUp9bw\"><a href=\"https:\/\/faiktunay.com.tr\/en\/her-daim-avuclarimizin-icinde-tutulmasi-gereken-sahin-kibris\/\">The Falcon That Should Always Be Held in Our Hands: CYPRUS<\/a><\/blockquote><iframe sandbox=\"allow-scripts\" security=\"restricted\" src=\"https:\/\/faiktunay.com.tr\/en\/her-daim-avuclarimizin-icinde-tutulmasi-gereken-sahin-kibris\/embed\/#?secret=hSpCcUp9bw\" width=\"600\" height=\"338\" title=\"\u201cThe Falcon That Should Always Be Held in Our Hands: CYPRUS\u201d \u2014 Faik Tunay\" data-secret=\"hSpCcUp9bw\" frameborder=\"0\" marginwidth=\"0\" marginheight=\"0\" scrolling=\"no\" class=\"wp-embedded-content\"><\/iframe><script type=\"text\/javascript\">\n\/* <![CDATA[ *\/\n\/*! This file is auto-generated *\/\n!function(d,l){\"use strict\";l.querySelector&&d.addEventListener&&\"undefined\"!=typeof URL&&(d.wp=d.wp||{},d.wp.receiveEmbedMessage||(d.wp.receiveEmbedMessage=function(e){var t=e.data;if((t||t.secret||t.message||t.value)&&!\/[^a-zA-Z0-9]\/.test(t.secret)){for(var s,r,n,a=l.querySelectorAll('iframe[data-secret=\"'+t.secret+'\"]'),o=l.querySelectorAll('blockquote[data-secret=\"'+t.secret+'\"]'),c=new RegExp(\"^https?:$\",\"i\"),i=0;i<o.length;i++)o[i].style.display=\"none\";for(i=0;i<a.length;i++)s=a[i],e.source===s.contentWindow&&(s.removeAttribute(\"style\"),\"height\"===t.message?(1e3<(r=parseInt(t.value,10))?r=1e3:~~r<200&&(r=200),s.height=r):\"link\"===t.message&&(r=new URL(s.getAttribute(\"src\")),n=new URL(t.value),c.test(n.protocol))&&n.host===r.host&&l.activeElement===s&&(d.top.location.href=t.value))}},d.addEventListener(\"message\",d.wp.receiveEmbedMessage,!1),l.addEventListener(\"DOMContentLoaded\",function(){for(var e,t,s=l.querySelectorAll(\"iframe.wp-embedded-content\"),r=0;r<s.length;r++)(t=(e=s[r]).getAttribute(\"data-secret\"))||(t=Math.random().toString(36).substring(2,12),e.src+=\"#?secret=\"+t,e.setAttribute(\"data-secret\",t)),e.contentWindow.postMessage({message:\"ready\",secret:t},\"*\")},!1)))}(window,document);\n\/\/# sourceURL=https:\/\/faiktunay.com.tr\/wp-includes\/js\/wp-embed.min.js\n\/* ]]> *\/\n<\/script>","thumbnail_url":"https:\/\/faiktunay.com.tr\/wp-content\/uploads\/2023\/03\/faik_tunay_gorseli.jpg","thumbnail_width":1080,"thumbnail_height":720,"description":"Do\u011fu Akdeniz, T\u00fcrkiye i\u00e7in \u00e7ok \u00f6nemli bir co\u011frafyad\u0131r. Bu b\u00f6lge, T\u00fcrkiye\u2019ninOrta Do\u011fu\u2019ya a\u00e7\u0131lan bir deniz kap\u0131s\u0131d\u0131r. G\u00fczel afroditin diyar\u0131, uluslararas\u0131ili\u015fkiler d\u00fcnyas\u0131nda y\u0131rt\u0131c\u0131 bir ku\u015ftur asl\u0131nda\u2026 \u0130\u015fte bu y\u00fczden K\u0131br\u0131s,T\u00fcrkiye\u2019nin ellerinden u\u00e7mamas\u0131 ve her daim avucunun i\u00e7erisinde tutulmas\u0131gereken bir \u015fahin gibidir. K\u0131br\u0131s Adas\u0131, tarihin her d\u00f6neminde uluslararas\u0131kamuoyunun ilgi alan\u0131nda olmu\u015ftur. K\u0131br\u0131s Adas\u0131, 9251 km2 y\u00fcz\u00f6l\u00e7\u00fcm\u00fc ileDo\u011fu [&hellip;]"}